{"id":16,"date":"2020-03-05T15:05:17","date_gmt":"2020-03-05T15:05:17","guid":{"rendered":"https:\/\/web351.lenny.servertools24.de\/rbneu\/?page_id=16"},"modified":"2025-10-21T07:59:56","modified_gmt":"2025-10-21T07:59:56","slug":"hugo-boguslawski","status":"publish","type":"page","link":"https:\/\/rhein-bruecke.com\/?page_id=16","title":{"rendered":"Hugo Boguslawski"},"content":{"rendered":"\n<p class=\"has-button-hover-text-color-color has-text-color\" style=\"font-size:20px\">Hugo Boguslawski<\/p>\n\n\n\n<div class=\"wp-block-responsive-lightbox-gallery\"><div class=\"rl-gallery-container rl-loading\" id=\"rl-gallery-container-1\" data-gallery_id=\"188\"> <div class=\"rl-gallery rl-basicmasonry-gallery \" id=\"rl-gallery-1\" data-gallery_no=\"1\"> <div class=\"rl-gutter-sizer\"><\/div><div class=\"rl-grid-sizer\"><\/div> <div class=\"rl-gallery-item rl-gallery-item-width-4\" > <div class=\"rl-gallery-item-content\"> <a href=\"https:\/\/rhein-bruecke.com\/wp-content\/uploads\/2020\/03\/Bornholm_Im_Kobbea_Tal_2019_150x130-2.jpg\" title=\"[Bornholm] Im Kobbe\u00e5 Tal \uff65 2019 \uff65 150 x 130 cm \uff65 \u00d6l auf Leinwand\" data-rl_title=\"[Bornholm] Im Kobbe\u00e5 Tal \uff65 2019 \uff65 150 x 130 cm \uff65 \u00d6l auf Leinwand\" class=\"rl-gallery-link\" data-rl_caption=\"[Bornholm] Im Kobbe\u00e5 Tal \uff65 2019 \uff65 150 x 130 cm \uff65 \u00d6l auf Leinwand\" data-rel=\"lightbox-gallery-1\"><img loading=\"lazy\" decoding=\"async\" src=\"https:\/\/rhein-bruecke.com\/wp-content\/uploads\/2020\/03\/Bornholm_Im_Kobbea_Tal_2019_150x130-2.jpg\" width=\"867\" height=\"1000\" alt=\"\" \/><\/a> <\/div> <\/div> <div class=\"rl-gallery-item\" > <div class=\"rl-gallery-item-content\"> <a href=\"https:\/\/rhein-bruecke.com\/wp-content\/uploads\/2020\/03\/Bornholm_von_Helligdomsklipperne_aus_gesehen_I_2016_80x70-1.jpg\" title=\"[Bornholm] von Helligdomsklipperne aus gesehen \uff65 2016 \uff65 80 x 70 cm \uff65 \u00d6l auf Leinwand\" data-rl_title=\"[Bornholm] von Helligdomsklipperne aus gesehen \uff65 2016 \uff65 80 x 70 cm \uff65 \u00d6l auf Leinwand\" class=\"rl-gallery-link\" data-rl_caption=\"[Bornholm] von Helligdomsklipperne aus gesehen \uff65 2016 \uff65 80 x 70 cm \uff65 \u00d6l auf Leinwand\" data-rel=\"lightbox-gallery-1\"><img loading=\"lazy\" decoding=\"async\" src=\"https:\/\/rhein-bruecke.com\/wp-content\/uploads\/2020\/03\/Bornholm_von_Helligdomsklipperne_aus_gesehen_I_2016_80x70-1.jpg\" width=\"875\" height=\"1000\" alt=\"\" \/><\/a> <\/div> <\/div> <div class=\"rl-gallery-item\" > <div class=\"rl-gallery-item-content\"> <a href=\"https:\/\/rhein-bruecke.com\/wp-content\/uploads\/2020\/03\/Place_Boudin_Honfleur_2019_150x130.jpg\" title=\"Place Boudin Honfleur \uff65 2019 \uff65 150 x 130 cm \uff65 \u00d6l auf Leinwand\" data-rl_title=\"Place Boudin Honfleur \uff65 2019 \uff65 150 x 130 cm \uff65 \u00d6l auf Leinwand\" class=\"rl-gallery-link\" data-rl_caption=\"Place Boudin Honfleur \uff65 2019 \uff65 150 x 130 cm \uff65 \u00d6l auf Leinwand\" data-rel=\"lightbox-gallery-1\"><img loading=\"lazy\" decoding=\"async\" src=\"https:\/\/rhein-bruecke.com\/wp-content\/uploads\/2020\/03\/Place_Boudin_Honfleur_2019_150x130.jpg\" width=\"867\" height=\"1000\" alt=\"\" \/><\/a> <\/div> <\/div> <div class=\"rl-gallery-item\" > <div class=\"rl-gallery-item-content\"> <a href=\"https:\/\/rhein-bruecke.com\/wp-content\/uploads\/2020\/03\/blaue_Stunde_2016_100x80.jpg\" title=\"blaue Stunde \uff65 2016 \uff65 100 x 80 cm \uff65 \u00d6l auf Leinwand\" data-rl_title=\"blaue Stunde \uff65 2016 \uff65 100 x 80 cm \uff65 \u00d6l auf Leinwand\" class=\"rl-gallery-link\" data-rl_caption=\"blaue Stunde \uff65 2016 \uff65 100 x 80 cm \uff65 \u00d6l auf Leinwand\" data-rel=\"lightbox-gallery-1\"><img loading=\"lazy\" decoding=\"async\" src=\"https:\/\/rhein-bruecke.com\/wp-content\/uploads\/2020\/03\/blaue_Stunde_2016_100x80.jpg\" width=\"800\" height=\"1000\" alt=\"\" \/><\/a> <\/div> <\/div> <div class=\"rl-gallery-item\" > <div class=\"rl-gallery-item-content\"> <a href=\"https:\/\/rhein-bruecke.com\/wp-content\/uploads\/2020\/03\/die_Ostsee_bei_M\u00f8ns_Klint_II_2014_140x100.jpg\" title=\"die Ostsee bei M\u00f8ns Klint II \uff65 2014 \uff65 140 x 100 cm \uff65 \u00d6l auf Leinwand\" data-rl_title=\"die Ostsee bei M\u00f8ns Klint II \uff65 2014 \uff65 140 x 100 cm \uff65 \u00d6l auf Leinwand\" class=\"rl-gallery-link\" data-rl_caption=\"die Ostsee bei M\u00f8ns Klint II \uff65 2014 \uff65 140 x 100 cm \uff65 \u00d6l auf Leinwand\" data-rel=\"lightbox-gallery-1\"><img loading=\"lazy\" decoding=\"async\" src=\"https:\/\/rhein-bruecke.com\/wp-content\/uploads\/2020\/03\/die_Ostsee_bei_M\u00f8ns_Klint_II_2014_140x100.jpg\" width=\"714\" height=\"1000\" alt=\"\" \/><\/a> <\/div> <\/div> <div class=\"rl-gallery-item\" > <div class=\"rl-gallery-item-content\"> <a href=\"https:\/\/rhein-bruecke.com\/wp-content\/uploads\/2020\/03\/kleiner_Waldsee_2013_65x50.jpg\" title=\"kleiner Waldsee \uff65 2013 \uff65 65 x 50 cm \uff65 \u00d6l auf Leinwand\" data-rl_title=\"kleiner Waldsee \uff65 2013 \uff65 65 x 50 cm \uff65 \u00d6l auf Leinwand\" class=\"rl-gallery-link\" data-rl_caption=\"kleiner Waldsee \uff65 2013 \uff65 65 x 50 cm \uff65 \u00d6l auf Leinwand\" data-rel=\"lightbox-gallery-1\"><img loading=\"lazy\" decoding=\"async\" src=\"https:\/\/rhein-bruecke.com\/wp-content\/uploads\/2020\/03\/kleiner_Waldsee_2013_65x50.jpg\" width=\"769\" height=\"1000\" alt=\"\" \/><\/a> <\/div> <\/div> <div class=\"rl-gallery-item\" > <div class=\"rl-gallery-item-content\"> <a href=\"https:\/\/rhein-bruecke.com\/wp-content\/uploads\/2020\/03\/Restlicht-Halde-III_2013_140x100.jpg\" title=\"Restlicht (Halde) III \uff65 2013 \uff65 140 x 100 cm \uff65 \u00d6l auf Leinwand\" data-rl_title=\"Restlicht (Halde) III \uff65 2013 \uff65 140 x 100 cm \uff65 \u00d6l auf Leinwand\" class=\"rl-gallery-link\" data-rl_caption=\"Restlicht (Halde) III \uff65 2013 \uff65 140 x 100 cm \uff65 \u00d6l auf Leinwand\" data-rel=\"lightbox-gallery-1\"><img loading=\"lazy\" decoding=\"async\" src=\"https:\/\/rhein-bruecke.com\/wp-content\/uploads\/2020\/03\/Restlicht-Halde-III_2013_140x100.jpg\" width=\"714\" height=\"1000\" alt=\"\" \/><\/a> <\/div> <\/div> <div class=\"rl-gallery-item\" > <div class=\"rl-gallery-item-content\"> <a href=\"https:\/\/rhein-bruecke.com\/wp-content\/uploads\/2020\/03\/Gegenlicht_2016_100x80.jpg\" title=\"Gegenlicht \uff65 2016 \uff65 100 x 80 cm \uff65 \u00d6l auf Leinwand\" data-rl_title=\"Gegenlicht \uff65 2016 \uff65 100 x 80 cm \uff65 \u00d6l auf Leinwand\" class=\"rl-gallery-link\" data-rl_caption=\"Gegenlicht \uff65 2016 \uff65 100 x 80 cm \uff65 \u00d6l auf Leinwand\" data-rel=\"lightbox-gallery-1\"><img loading=\"lazy\" decoding=\"async\" src=\"https:\/\/rhein-bruecke.com\/wp-content\/uploads\/2020\/03\/Gegenlicht_2016_100x80.jpg\" width=\"800\" height=\"1000\" alt=\"\" \/><\/a> <\/div> <\/div> <div class=\"rl-gallery-item\" > <div class=\"rl-gallery-item-content\"> <a href=\"https:\/\/rhein-bruecke.com\/wp-content\/uploads\/2020\/03\/orbis_cineris_2009_240x200.jpg\" title=\"Orbis cineris \uff65 2009 \uff65 240 x 200 cm \uff65 \u00d6l auf Leinwand\" data-rl_title=\"Orbis cineris \uff65 2009 \uff65 240 x 200 cm \uff65 \u00d6l auf Leinwand\" class=\"rl-gallery-link\" data-rl_caption=\"Orbis cineris \uff65 2009 \uff65 240 x 200 cm \uff65 \u00d6l auf Leinwand\" data-rel=\"lightbox-gallery-1\"><img loading=\"lazy\" decoding=\"async\" src=\"https:\/\/rhein-bruecke.com\/wp-content\/uploads\/2020\/03\/orbis_cineris_2009_240x200.jpg\" width=\"833\" height=\"1000\" alt=\"\" \/><\/a> <\/div> <\/div> <\/div> <\/div><\/div>\n\n\n\n<p><br><strong>Webseite<\/strong>: <a href=\"https:\/\/hugo-boguslawski.de\/\" target=\"_blank\" rel=\"noreferrer noopener\" aria-label=\"hugo-boguslawski.de (\u00f6ffnet in neuem Tab)\">hugo-boguslawski.de<\/a><br><\/p>\n\n\n\n<p class=\"has-button-hover-text-color-color has-text-color\"><strong>Biografie<\/strong><\/p>\n\n\n\n<p>1970<br>\ngeboren in Gelsenkirchen<br>\n&nbsp;<br>\n1991-2002<br>\nStudium der Malerei an der Kunstakademie M\u00fcnster<br>\nbei Professor Hermann-Josef Kuhna<br>\n&nbsp;<br>\n1995<br>\nMeistersch\u00fcler<br>\n&nbsp;<br>\n2002<br>\nAkademiebrief<br>\nEuropastipendium Paris<br>\n&nbsp;<br>\n2007<br>\nResidenzstipendium ChangMoon ArtCenter, Whasung-si, Gyeonggi-do, South Korea<\/p>\n\n\n\n<p>lebt in D\u00fcsseldorf<br><br><\/p>\n\n\n\n<p class=\"has-button-hover-text-color-color has-text-color\"><strong>Einzelausstellungen (Auswahl)<\/strong><\/p>\n\n\n\n<p>1998<br> Galerie Steinr\u00f6tter, Kongresszentrum der Halle M\u00fcnsterland, M\u00fcnster<br> \u00a0<br> 1999<br> &#8222;cache-cache&#8220;, Galerie Steinr\u00f6tter, M\u00fcnster<br> \u00a0<br> 2001<br> Galerie Steinr\u00f6tter, M\u00fcnster<br> \u00a0<br> 2002<br> Galerie Steinr\u00f6tter, OFD, M\u00fcnster (Katalog &#8222;Hugo Boguslawski &#8211; Bilder 1997-2002&#8220;)<br> \u00a0<br> 2004<br> &#8222;close-up&#8220;, Galerie AO, Emsdetten<br> &#8222;secret mission flocati&#8220;, Galerie Blau, Palma de Mallorca, Spanien<br> &#8222;Obsession &amp; Angel&#8220;, La Posada del Marques, Es Verger, Esporles, Spanien<br> \u00a0<br> 2005<br> Galerie Niepel bei Morawitz, D\u00fcsseldorf <br> Galerie 48, Saarbr\u00fccken<br> \u00a0<br> 2006<br> Kunstverein Erlangen<br> \u00a0<br> 2012<br> Kunstverein Unna (mit Min Clara Kim)<br> Galerie Essigfabrik, L\u00fcbeck (Katalog)<br> \u00a0<br> 2013<br> Museum St. Wendel (mit J\u00f6rg Munz) (Katalog)<br> \u00a0<br> 2014<br> Kulturbahnhof Kreuztal<br> &#8222;Anagramme&#8220;, Galerie Art-Eck, Solingen<br> Kunstverein virtuellvisuell, Dorsten<br> Galerie le c\u0153ur, K\u00f6ln (mit Min Clara Kim)<br> fiftyfifty Galerie, D\u00fcsseldorf<br> \u00a0<br> 2015<br> &#8222;Restlicht&#8220;, St\u00e4dtisches Museum Kalkar<br> Kulturspeicher Oldenburg im Stadtmuseum Oldenburg<br> \u00a0<br> 2018<br> Galerie Anette M\u00fcller, D\u00fcsseldorf<br> Art Gallery 64, Birkenfeld<br><br>2020<br>K\u00fcnstlerverein Malkasten, D\u00fcsseldorf<br><br>2023<br>&#8222;Hugo Boguslawski \u2013 Neue Bilder&#8220;, Haus der Kunst Enniger, Ennigerloh<br>&#8222;HUGO BOGUSLAWSKI IST\u2026 \u2026STRUKTURELL&#8220;, KAKTuS Kulturforum, Renaissanceburg L\u00fcdinghausen<br><br>2024<br>&#8222;HUGO BOGUSLAWSKI \u2013 BILDER VON ANDEREN ORTEN&#8220;, Kunstverein virtuellvisuell, Dorsten<br><br><\/p>\n\n\n\n<p class=\"has-button-hover-text-color-color has-text-color\"><strong>Ausstellungsbeteiligungen (Auswahl)<\/strong><\/p>\n\n\n\n<p>1998<br> &#8222;In Westf\u00e4lischen Schl\u00f6ssern 98&#8220;, Haus Opherdicke, Unna (Katalog)<br> &#8222;Wilhelm-Zimolong-Kunstpreis 1998&#8220;, Gladbeck (Katalog)<br> Henry Moore Gallery, Royal College of Art, London, GB<br> \u00a0<br> 1999<br> &#8222;Kuhna Klasse im Rathaus Telgte 1999&#8220;, Telgte (Katalog)<br> \u00a0<br> 2000<br> &#8222;Farbe bekennen&#8220;, Kunstverein Mettingen<br> &#8222;Grafik total&#8220;, Galerie Steinr\u00f6tter, M\u00fcnster<br> \u00a0<br> 2001<br> &#8222;Emprise Art Award 2001&#8220;, NRW-Forum, Ehrenhof, D\u00fcsseldorf (Katalog)<br> \u00a0<br> 2002<br> Museum Abtei Liesborn, Liesborn<br> \u00a0<br> 2003<br> Galerie Steinr\u00f6tter, M\u00fcnster<br> \u00a0<br> 2004<br> Galerie Schlehn, Hannover<br> &#8222;Klasse!&#8220;, Meistersch\u00fcler der Klasse Kuhna, Forum WGZ-Bank, D\u00fcsseldorf (Katalog)<br> \u00a0<br> 2005<br> Ruhrfestspielhaus Recklinghausen \/ Galerie Heidi Borutta, Recklinghausen<br> \u00a0<br> 2006<br> Galerie cp, Wiesbaden<br> Galerie KunstTachometer Theofilos Klonaris, Palma de Mallorca, Spanien <br> \u00a0<br> 2007<br> Galerie Noack, M\u00f6nchengladbach<br> Galerie Niepel bei Morawitz<br> gallery Hyun, Yongin-si, Gyeonggi-do, South Korea<br> \u00a0<br> 2008<br> &#8222;Hier und Jetzt&#8220;, Gustav-L\u00fcbcke-Museum, Hamm<br> &#8222;Preview&#8220;, K\u00fcnstlergruppe RheinBr\u00fccke, cubus-Kunsthalle, Duisburg<br> \u00a0<br> 2009<br> RLB Kunstbr\u00fccke, Innsbruck, \u00d6sterreich<br> Kunstverein Sulzbach (mit der K\u00fcnstlergruppe RheinBr\u00fccke)<br> Kunstverein Oberhausen, &#8222;Kunstsommer 2009&#8220; (mit der K\u00fcnstlergruppe RheinBr\u00fccke)<br> &#8222;RheinBr\u00fccke &#8211; rhein gegenst\u00e4ndlich&#8220;, cubus Kunsthalle, Duisburg (mit der K\u00fcnstlergruppe RheinBr\u00fccke)<br> &#8222;Nordwestkunst&#8220;, Kunsthalle Wilhelmshaven<br> \u00a0<br> 2010<br> &#8222;Lebensl\u00e4ufe &#8211; von hier&#8220;, Kunstverein Gelsenkirchen, Kunstmuseum Gelsenkirchen<br> &#8222;Round One: Great Experiment&#8220;, Driesch &amp; Klonaris Contemporary Art Palma de Mallorca, Spanien<br> Galerie CP Cerny + Partner, Wiesbaden<br> Kunstverein zu Frechen (mit der K\u00fcnstlergruppe RheinBr\u00fccke)<br> \u00a0<br> 2011<br> St\u00e4dtische Galerie Lippstadt<br> Kunstmuseum Gelsenkirchen <br> \u00a0<br> 2012<br> Espace des Blancs-Manteaux, Paris, Frankreich (K\u00fcnstlergruppe RheinBr\u00fccke u.a.)<br> Galerie Michael Nolte, M\u00fcnster<br> &#8222;Hier und Jetzt&#8220;, Gustav-L\u00fcbcke-Museum, Hamm <br> \u00a0<br> 2013<br> Galerie 48, Saarbr\u00fccken<br> &#8222;ABSTRAKT&#8220;, Galerie Michael Nolte, M\u00fcnster<br> &#8222;ABSTRACT&#8220;, Galer\u00eda Simon Nolte, Portocolom, Spanien<br> &#8222;Das kleine Format&#8220;, K\u00fcnstlerverein Malkasten, D\u00fcsseldorf <br> \u00a0<br> 2014<br> &#8222;Sommerfrische&#8220;, Galerie Hovestadt, Nottuln<br> &#8222;Das kleine Format&#8220;, K\u00fcnstlerverein Malkasten, D\u00fcsseldorf <br> \u00a0<br> 2015<br> &#8222;Kunstsalon &#8211; selected&#8220;, Galerie Art-Eck, Solingen<br> C.A.R. Contemporary Art Ruhr, Welterbe Zollverein, Essen \/ Galerie Art Eck (Solingen)<br> Galerie Essig, Essigfabrik L\u00fcbeck<br> &#8222;Geheime Heimat&#8220; &#8211; Das kleine Format, K\u00fcnstlerverein Malkasten, D\u00fcsseldorf<br> Kunstmuseum Gelsenkirchen <br> \u00a0<br> 2016<br> &#8222;\u2026dahinter das Meer &#8211; acht westdeutsche Maler sehen Norddeutschland&#8220;, Stiftung Burg Kniphausen, Wilhelmshaven<br> Galerie Art Eck, Solingen<br> Kunsthaus Enniger<br> &#8222;Sinn und Unsinn&#8220; &#8211; Das kleine Format, K\u00fcnstlerverein Malkasten, D\u00fcsseldorf <br> \u00a0<br> 2017<br> &#8222;K\u00f6 meets Art&#8220;, K\u00f6-Galerie, D\u00fcsseldorf<br> Galerie Anette M\u00fcller, D\u00fcsseldorf<br> &#8222;RheinBr\u00fccke&#8220;, Galerie K\u00f6 meets Art, D\u00fcsseldorf<br> Kunstverein Oberhausen<br> &#8222;Keine Angst vor Sch\u00f6n&#8220;, Kulturforum FFFZ, D\u00fcsseldorf<br> &#8222;Kunst und Wissenschaft: Beispiele symbiotischer Verh\u00e4ltnisse&#8220;, Haus der Universit\u00e4t, D\u00fcsseldorf<br> &#8222;Bilder die wir lieben&#8220; &#8211; Das kleine Format, K\u00fcnstlerverein Malkasten, D\u00fcsseldorf <br> \u00a0<br> 2018<br> &#8222;50 Jahre Kunstverein Gelsenkirchen &#8211; Kunst und Leidenschaft&#8220;, Kunstverein Gelsenkirchen <br> &#8222;Kunstsalon IV&#8220;, Galerie ART-ECK, Solingen <br> &#8222;Hier und Jetzt&#8220;, Gustav-L\u00fcbcke-Museum, Hamm <br> Haus der Kunst Enniger, Ennigerloh <br> &#8222;K\u00fcnstler sehen K\u00fcnstler&#8220; &#8211; Das kleine Format, K\u00fcnstlerverein Malkasten, D\u00fcsseldorf<br> &#8222;Kunst und Wissenschaft: Beispiele symbiotischer Verh\u00e4ltnisse&#8220;, Haus der Universit\u00e4t, D\u00fcsseldorf<br> &#8222;Bilder die wir lieben&#8220; &#8211; Das kleine Format, K\u00fcnstlerverein Malkasten, D\u00fcsseldorf <br> \u00a0<br> 2019<br> &#8222;Camena: Rollout &#8211; K\u00fcnstlergruppe RheinBr\u00fccke&#8220;, art e motion, Salzbergen<br> &#8222;K\u00fcnstlergruppe RheinBr\u00fccke&#8220;, Haus der Kunst Enniger, Ennigerloh <br> &#8222;Wilhelm-Morgner-Preis 2019&#8220;, Museum Wilhelm Morgner, Soest <br> &#8222;Jahresschau&#8220;, Kunstmuseum Gelsenkirchen <br>&#8222;Winterausstellung&#8220;, Haus der Kunst Enniger, Ennigerloh<br>&#8222;Das Kleine Format&#8220;, K\u00fcnstlerverein Malkasten, D\u00fcsseldorf<br><br>2020<br>&#8222;Die Erben Wilhelm Morgners &#8211; Hommage an einen Westfalen&#8220;, Kunstverein Kreis Soest im Museum Wilhelm Morgner, Soest<br>&#8222;Struktur&#8220;, Galerie ART-ECK, Solingen<br><br>2021<br>&#8222;ReNatur: Evolution \u2013 Natur \u2013 Industrie&#8220;, cubus kunsthalle, Duisburg<br>&#8222;ReNatur&#8220;, Grube Reden, Schiffweiler \u2022 https:\/\/ReNatur.art<br>&#8222;In der Tiefe des Sichtbaren&#8220;, Wasserburg Haus Graven, Langenfeld\u2028<br>&#8222;Transparenz&#8220; &#8211; Das kleine Format, K\u00fcnstlerverein Malkasten, D\u00fcsseldorf<\/p>\n\n\n\n<p>2022<br>&#8222;ReNatur&#8220;, K\u00fcnstlerzeche Unser Fritz, Herne \u2022 https:\/\/ReNatur.art<br>Lebensl\u00e4ufe \u2013 Teil II &#8222;VON HIER! \u2013 Geboren in Gelsenkirchen&#8220;, Kunstverein Gelsenkirchen<\/p>\n\n\n\n<p>2023<br>&#8222;ART Vischering&#8220;, L\u00fcdinghausen<br>Kunstverein Haus der Kunst Enniger, Ennigerloh<br>&#8222;BOTANIK&#8220; &#8211; Das kleine Format, K\u00fcnstlerverein Malkasten, D\u00fcsseldorf<\/p>\n\n\n\n<p>2024<br>Kunstverein Haus der Kunst Enniger, Ennigerloh<br>Gallery Puzi\u0107, Saarbr\u00fccken<br>&#8222;COUNTDOWN&#8220; &#8211; Das kleine Format, K\u00fcnstlerverein Malkasten, D\u00fcsseldorf<\/p>\n\n\n\n<p>2025<br>&#8222;K\u00fcnstlergruppe RheinBr\u00fccke \u2013 DIE TIEFE DES SICHTBAREN&#8220;, Ausstellungshalle Hawerkamp, M\u00fcnster<br>&#8222;DIE TIEFE DES SICHTBAREN&#8220;, Galerie Hovestadt, Nottuln<br>&#8222;kleinklein&#8220; &#8211; \u00dcbersichtsausstellung des Westdeutschen K\u00fcnstlerbunds 2025, M\u00e4rkisches Museum, Witten<br><br><\/p>\n\n\n\n<p class=\"has-button-hover-text-color-color has-text-color\"><strong>Arbeiten im \u00f6ffentlichen Raum<\/strong><\/p>\n\n\n\n<p>2001<br> &#8222;direttissima&#8220;, Wandmalerei, Studentenwerk, M\u00fcnster (Katalog)<br> &nbsp;<br> 2003<br> Galerie cp, Wiesbaden \/ Marriott Hotel Berlin &#8211; Kunst Pool, Wandmalerei<br> &nbsp;<br> 2007<br> &#8222;wallpainting for Changmoon artcenter&#8220;, Wandmalerei, Whasung-si, Gyeonggi-do, Korea<br> &nbsp;<br> 2019<br> Recent Work Gallery\/ Asia Culture Center, Gwangju, Korea<br><br><\/p>\n\n\n\n<p class=\"has-button-hover-text-color-color has-text-color\"><strong>Arbeiten in \u00f6ffentlichen und privaten Sammlungen<\/strong><\/p>\n\n\n\n<p>Sammlung Kemp\/ Museum KUNSTPALAST, D\u00fcsseldorf<\/p>\n\n\n\n<p>DZ BANK Kunstsammlung, D\u00fcsseldorf\/ Frankfurt (ehem. WGZ BANK Kunstsammlung, D\u00fcsseldorf)<\/p>\n\n\n\n<p>Saartoto Kunstsammlung, Saarbr\u00fccken<\/p>\n\n\n\n<p>Grafiksammlung der Kunstakademie M\u00fcnster<\/p>\n\n\n\n<p>Gold-Kraemer-Stiftung, Frechen<\/p>\n\n\n\n<p class=\"has-text-align-right\"><a href=\"https:\/\/rhein-bruecke.com\/?page_id=16\">\u21e7  nach oben<\/a><\/p>\n","protected":false},"excerpt":{"rendered":"<p>Hugo Boguslawski Webseite: hugo-boguslawski.de Biografie 1970 geboren in Gelsenkirchen &nbsp; 1991-2002 Studium der Malerei an der Kunstakademie M\u00fcnster bei Professor Hermann-Josef Kuhna &nbsp; 1995 Meistersch\u00fcler &nbsp; 2002 Akademiebrief Europastipendium Paris &nbsp; 2007 Residenzstipendium ChangMoon ArtCenter, Whasung-si, Gyeonggi-do, South Korea lebt &hellip;<\/p>\n<p class=\"read-more\"> <a class=\"more-link\" href=\"https:\/\/rhein-bruecke.com\/?page_id=16\"> <span class=\"screen-reader-text\">Hugo Boguslawski<\/span> Weiterlesen &raquo;<\/a><\/p>\n","protected":false},"author":1,"featured_media":0,"parent":0,"menu_order":0,"comment_status":"closed","ping_status":"closed","template":"","meta":{"footnotes":""},"class_list":["post-16","page","type-page","status-publish","hentry"],"_links":{"self":[{"href":"https:\/\/rhein-bruecke.com\/index.php?rest_route=\/wp\/v2\/pages\/16","targetHints":{"allow":["GET"]}}],"collection":[{"href":"https:\/\/rhein-bruecke.com\/index.php?rest_route=\/wp\/v2\/pages"}],"about":[{"href":"https:\/\/rhein-bruecke.com\/index.php?rest_route=\/wp\/v2\/types\/page"}],"author":[{"embeddable":true,"href":"https:\/\/rhein-bruecke.com\/index.php?rest_route=\/wp\/v2\/users\/1"}],"replies":[{"embeddable":true,"href":"https:\/\/rhein-bruecke.com\/index.php?rest_route=%2Fwp%2Fv2%2Fcomments&post=16"}],"version-history":[{"count":35,"href":"https:\/\/rhein-bruecke.com\/index.php?rest_route=\/wp\/v2\/pages\/16\/revisions"}],"predecessor-version":[{"id":515,"href":"https:\/\/rhein-bruecke.com\/index.php?rest_route=\/wp\/v2\/pages\/16\/revisions\/515"}],"wp:attachment":[{"href":"https:\/\/rhein-bruecke.com\/index.php?rest_route=%2Fwp%2Fv2%2Fmedia&parent=16"}],"curies":[{"name":"wp","href":"https:\/\/api.w.org\/{rel}","templated":true}]}}